{"id":47,"date":"2015-12-23T15:11:23","date_gmt":"2015-12-23T14:11:23","guid":{"rendered":"http:\/\/dev.lucky-beads.com\/?page_id=47"},"modified":"2022-08-06T00:01:16","modified_gmt":"2022-08-05T22:01:16","slug":"ueber-mich","status":"publish","type":"page","link":"https:\/\/www.lucky-beads.com\/index.php\/ueber-mich\/","title":{"rendered":"\u00fcber mich"},"content":{"rendered":"<h4>Herzlich Willkommen auf meiner Webseite!<\/h4>\n<p><a href=\"http:\/\/www.lucky-beads.com\/wp-content\/uploads\/2015\/12\/about.jpg\" rel=\"attachment wp-att-48\"><img loading=\"lazy\" class=\"alignright wp-image-48 \" src=\"http:\/\/www.lucky-beads.com\/wp-content\/uploads\/2015\/12\/about.jpg\" alt=\"\" width=\"184\" height=\"178\" srcset=\"https:\/\/www.lucky-beads.com\/wp-content\/uploads\/2015\/12\/about.jpg 299w, https:\/\/www.lucky-beads.com\/wp-content\/uploads\/2015\/12\/about-250x242.jpg 250w\" sizes=\"(max-width: 184px) 100vw, 184px\" \/><\/a><br \/>\nMein Name ist Angela Liane Wagner.<\/p>\n<p>Seit 2004 fertige ich aus dem italienischen Muranoglas der Firma Effetre in meinem K\u00f6lner Atelier sehr individuelle, ornamental und frei gestaltete Glasperlen an.<\/p>\n<p>Besonders die Einlage von Gold und Silber machen sie zu kleinen unverwechselbaren Kunstwerken.<\/p>\n<p>Auf Wunsch verarbeite ich meine Glasperlen in einer benachbarten Goldschmiede unter Verwendung von Edelmetallen, Perlen und Halbedelsteinen zu einzigartigen Schmuckst\u00fccken, wobei ich somit auch auf die pers\u00f6nlichen Kundenw\u00fcnsche eingehen kann.<\/p>\n<p>Gerne gebe ich mein Wissen an interessierte Glasperlenliebhaber weiter.<br \/>\nSeit 2005 unterrichte ich als Kursleiterin bei der Glasfirma GLS in K\u00f6ln<br \/>\nund zus\u00e4tzlich seit 2006 im Glasmuseum in Rheinbach.<\/p>\n<p>2009 hat mich Jochen Schweizer f\u00fcr sein Erlebnis-Event-Programm entdeckt und mich in sein Programm aufgenommen. Vier Arbeitspl\u00e4tze f\u00fcr Kurse stehen in meiner Werkstatt zur Verf\u00fcgung.<\/p>\n<p>Regelm\u00e4\u00dfig zeige ich meine Glasperlen und Glasperlenvorf\u00fchrungen\u00a0auf ausgesuchten Kunsthandwerkerm\u00e4rkten und Museumsausstellungen.<br \/>\n<b><\/b><\/p>\n<p><!--more--><\/p>\n<p><strong><u>Wettbewerbspreis<\/u><\/strong><br \/>\nF\u00fcr meine Duftperlen mit Silber f\u00fcr den Wettbewerb Angel von Thierry Mugler<\/p>\n<p><u><b>2022 Kurse in meiner Werkstatt<\/b><\/u><\/p>\n<p>17. August Angelika Kaufmann<\/p>\n<p><strong><b><u>Fortbildung 2022<\/u><\/b><\/strong><\/p>\n<p>August : Angelika Kaufmann<\/p>\n<p><strong><b><u>Fortbildung 2020<\/u><\/b><\/strong><\/p>\n<p>Pause wegen der COVID-19 Pandemie<\/p>\n<p><b><u>Fortbildung 2019<\/u><\/b><\/p>\n<p>Ab Juli 2019 ich wegen einer schmerzhaften\u00a0 Muskelverletzung am Arm, wegen der k\u00f6rperlichen\u00a0 \u00dcberanstrengung meiner f\u00fcnfj\u00e4hrigen Glasherstellung f\u00fcr den Boden der Muschelkapelle von 1740, an Schlo\u00df Falkenlust in Br\u00fchl aussetzen. Die Heilung war erst im April 2020 abgeschlossen.<\/p>\n<p><strong>Ausstellungen 2019<\/strong><\/p>\n<p>April: Fr\u00fchjahrsmarkt im Glasmuseum<\/p>\n<p>Juni : Fertigstellung der Glasherstellung und Glasperlen f\u00fcr den Boden der Muschelkapelle von 1740 n.Chr. an Schlo\u00df Falkenlust im rheinischen Br\u00fchl.<\/p>\n<p>Juli : Glasperlen f\u00fcr das R\u00f6mergrab in K\u00f6ln Weiden<\/p>\n<p><b><u>Fortbildung 2018<\/u><\/b><\/p>\n<p>August : Glasperlenkurs bei Amanda Muddimer GB<\/p>\n<p>September: Emaillekurs bei Sizuko Yoshuimi Japan<\/p>\n<p>Oktober: Hohlperlen bei Julia Dubenko UdSSR<\/p>\n<p>Silberkurs in Art Clay und die Bef\u00e4higung zum Unterrichten Level 2<\/p>\n<p>Silberkurs in Art Clay und Level 1<\/p>\n<p><u><b>Ausstellungen 2018<\/b><\/u><\/p>\n<p>April : Fr\u00fcjahrsmarkt<\/p>\n<p><b><u>Fortbildung 2017<\/u><\/b><br \/>\nJanuar: Kurs Tiefenstrahlen<br \/>\nFebruar: Holly Cooper, USA<br \/>\nJuli: Bronwen Heilmann, USA<br \/>\nOktober: Silberverarbeitungskurs<\/p>\n<p><u><b>Ausstellungen 2017<\/b><\/u><br \/>\nApril: Fr\u00fchlingsmarkt im Glasmuseum Rheinbach<br \/>\nCharity,Perlenverkauf Spende 500,00\u20ac zu Gunsten der Jugendarbeit<br \/>\nMai Tag der Begegnung, Kultur im Rheinpark K\u00f6ln, Museumsdienst K\u00f6ln<\/p>\n<p><b><u>Fortbildung 2016<\/u><\/b><\/p>\n<p>Januar: Glasbearbeitung Sandstrahlen<br \/>\nJanuar: Kalligraphie<br \/>\nJuni: Glasbearbeitung Sandstrahlen<\/p>\n<p><u><b>2016 Kurse in meiner Werkstatt<\/b><\/u><br \/>\n14.und 15.Juli Angelika Kaufmann, ausgebucht<\/p>\n<p><u><b>Ausstellungen und Kunstm\u00e4rkte 2016<\/b><\/u><br \/>\nFebruar:\u00a0 LVR -Landesmuseum Bonn<br \/>\nM\u00e4rz: Glasmuseum Rheinbach<br \/>\nApril : Glasarbeiten Landesmuseum Bonn<br \/>\nApril: Fr\u00fchlingsmarkt im Glasmuseum Rheinbach<br \/>\nMai: 39.Internationaler Museumstag im Glasmuseum Rheinbach<br \/>\nJuni:LVR- Landesmuseum Bonn <span class=\"st\">Sonderausstellung vom 9.6.2016-23.04.2017 Herstellung von 1,2mm gro\u00dfen Perlen f\u00fcr die Rekonstruierung einer fr\u00fchmittelalterlichen Fibel von 700.n.Chr.<\/span><br \/>\nJuni: Ausw\u00e4rtige Termine Kurse in Norddeutschland<br \/>\nJuli: Glasarbeiten K\u00f6ln<br \/>\nAugust: Glasarbeiten K\u00f6ln<br \/>\nSeptember: Glasarbeiten K\u00f6ln\u00a0 und Glasmuseum Rheinbach<br \/>\nOktober: Glasarbeiten K\u00f6ln<br \/>\nNovember: Ausstellung<br \/>\nDezember: Wohlt\u00e4tigkeitsveranstaltung Weihnachtsmarkt<\/p>\n<p><b><u>Fortbildung 2015<\/u><\/b><br \/>\nOktober: Workshop mit den internationalen Glask\u00fcnstlern aus Deutschland Finnland,Tschechien, Niederlande und England.<br \/>\nOktober: Glasbearbeitung in der Glasfachschule Rheinbach<\/p>\n<p><u><b>Ausstellungen und Kunstm\u00e4rkte 2015<\/b><\/u><br \/>\nSabbatjahr<\/p>\n<p><b><u>Fortbildung 2014<\/u><\/b><br \/>\n<u><b>Ausstellungen und Kunstm\u00e4rkte 2014<\/b><\/u><br \/>\nApril: Glasmuseum Rheinbach<br \/>\nApril: Anfertigungen<br \/>\nApril: Goldschmiede<br \/>\nMai Museumstag<br \/>\nJuni Ausw\u00e4rts<br \/>\nJuli Werkstatt<br \/>\nAugust Rheinbach<br \/>\nSeptember Glasmuseum Rheinbach Kurs<\/p>\n<p><b><u>Fortbildung 2013<\/u><\/b><br \/>\n<b><u>Ausstellungen und Kunstm\u00e4rkte 2013<\/u><\/b><br \/>\nApril Glasmuseum Rheinbach<br \/>\nMai Ausw\u00e4rts<br \/>\nJuni Ausw\u00e4rts<br \/>\nJuli Kurse<br \/>\nAugust Kurse Glasmischungen<br \/>\nDezember Weihnachtsmarkt Markt der Engel K\u00f6ln<\/p>\n<p><b><u>Fortbildung 2012<\/u><\/b><br \/>\nAstrid Riedel, South Africa<\/p>\n<p><u><b>Ausstellungen und Kunstm\u00e4rkte 2012<\/b><\/u><br \/>\nApril: Glasmuseum Rheinbach<br \/>\nMai: Kunstmarkt<br \/>\nJuni: Vernissage Kunstmeile Longerich<br \/>\nOktober: Kunstmarkt<br \/>\nNovember: Ausstellung in Rheinbach<br \/>\nDezember: Adventsmarkt Museum<br \/>\nDezember: Markt der Engel Weihnachtsmarkt in K\u00f6ln<\/p>\n<p><b><u>Fortbildung 2011<\/u><\/b><br \/>\nJennifer Geldard, USA<\/p>\n<p><u><b>Ausstellungen und Kunstm\u00e4rkte 2011<\/b><\/u><br \/>\nApril: Glasmuseum Rheinbach<br \/>\nApril: GLS K\u00f6ln<br \/>\nMai : Kunstmarkt<br \/>\nJuli : Kunstmarkt<br \/>\nAugust: Kunstmarkt<br \/>\nSeptember: Ausstellung<br \/>\nOktober: Tag der offenen T\u00fcr<br \/>\nNovember: Kunstmarkt<br \/>\nDezember: Weihnachtsmarkt<\/p>\n<p><u><b>Kurse in meiner Werkstatt<\/b><\/u><br \/>\nAm 06.06.2010 Claudia Pagel, ausgebucht<\/p>\n<p><u><b>Ausstellungen und Kunstm\u00e4rkte 2010<\/b><\/u><br \/>\nApril: Fr\u00fchlingsfest im Glasmuseum Rheinbach<br \/>\nMai:Internationaler Museumstag<br \/>\nJuni:Kunsthandwerkermarkt<br \/>\nJuli: Kunsthandwerkergartenfest<br \/>\nJuli: Ausw\u00e4rts in Hessen<br \/>\nSeptember: Schmuckausstellung<br \/>\nSeptember: Kunsthandwerkermarkt<br \/>\nNovember: Charityveranstaltung<br \/>\nDezember: Weihnachtsmarkt<\/p>\n<p><b><u>Charity 2010<\/u><\/b><br \/>\nGlasengelverkauf f\u00fcr:<br \/>\nTerre des homes<br \/>\nLichtblicke e.V.<br \/>\nDie gute Tat e.V.<br \/>\nKinderdorf Bethanien, Refrath<\/p>\n<p><b><u>Von mir veranstaltete Events 2009<\/u><\/b><br \/>\n21.und 22.Februar Karnevalstreffen und Vorf\u00fchrung neuer Perlentechniken, sowie Pressentest, Demo der allerneusten Glaspressen.<\/p>\n<p><b><u>Charity 2009<\/u><\/b><br \/>\nGlasengelverkauf f\u00fcr:<br \/>\nTerre des homes<br \/>\nLichtblicke e.V.<br \/>\nDie gute Tat e.V.<\/p>\n<p><u><b>Ausstellungen und Kunstm\u00e4rkte 2009<\/b><\/u><br \/>\nTeilnahme am &#8222;Offenen Atelier linksrheinisch&#8220; in K\u00f6ln<br \/>\nAusstellung im Glasmuseum Rheinbach<\/p>\n<p><b><u>Publikationen<\/u><\/b><br \/>\nwomen\u00b4s edition<br \/>\nK\u00f6lner Express<br \/>\nK\u00f6lner Stadtanzeiger<br \/>\nGeneralanzeiger<br \/>\nGlas&#8230;Perlen&#8230;eigenArt, D (ISBN 978-3-00-022186-6)<\/p>\n<p><b><u>Tutorial<\/u><\/b><br \/>\nVorsicht Glas! Nr.7<br \/>\nVorsicht Glas! Nr.9<\/p>\n<p><b><u>Charity 2008\u00a0<\/u><\/b><br \/>\nGlasengelverkauf f\u00fcr:<br \/>\nTerre des homes<br \/>\nLichtblicke e.V.<br \/>\nDie gute Tat e.V.<br \/>\nKinderdorf Bethanien,Refrath<\/p>\n<p><b><u>Fortbildung 2008<\/u><\/b><br \/>\nAndrea Guarino, international anerkannte Glask\u00fcnstlerin aus den USA<\/p>\n<p><b><u>Ausstellungen und Kunstm\u00e4rkte 2008<\/u><\/b><br \/>\nMai: Internationaler Museumstag 2008 im Glasmuseum Rheinbach<br \/>\nSeptember: Kunsthandwerkermarkt<br \/>\nOktober: Kunstmarkt<br \/>\nDezember: Charity<br \/>\nDezember: Museum<\/p>\n<p><b><u>Fortbildung 2007<\/u><\/b><br \/>\nKimberly Affleck, international anerkannte Glasperlenk\u00fcnstlerin aus den USA<br \/>\nMichael Barley, international anerkannter Glasperlenk\u00fcnstler aus den USA<br \/>\nLoren Stump, international anerkannter Glask\u00fcnstler aus den USA, seine Werke findet man u.a.im\u00a0<a href=\"http:\/\/www.cmog.org\/lang\/de_pyv_planen_sie_ihren_besuch.html\" target=\"Glasmusum in Corning\/USA\" rel=\"noopener noreferrer\">Glasmuseum in Corning \/ USA<\/a><br \/>\nAugust 2007 Umzug ins neue Studio nach K\u00f6ln Braunsfeld, Scheidtweilerstrasse 75<\/p>\n<p><b><u>Von mir veranstaltete Events 2007<\/u><\/b><br \/>\nJanuar 2004 &#8211; Januar 2007 , 3 Jahre Glasperlengestaltung<br \/>\n24.Februar Pressentest und Werkzeugtausch<br \/>\nEine Presse wurde unter den Anwesenden verlost<\/p>\n<p><b><u>Ausstellungen und Kunstm\u00e4rkte 2007<\/u><\/b><br \/>\nM\u00e4rz: Ostermarkt in Pulheim<br \/>\nApril: K\u00f6ln Stadtgarten<br \/>\nApril: K\u00f6ln Kunstmarkt<br \/>\nJuni: Ausstellung und Vorf\u00fchrung Kunst-und Kunsthandwerk im Glasmuseum Rheinbach<br \/>\nSeptember: Kunstmarkt Ausstellung<br \/>\nSeptember: Ausstellung<br \/>\nDezember: Barbaramarkt in Pulheim<br \/>\nDezember: Kunstmarkt Weihnachtsausstellung<br \/>\nDezember: Weihnachtsausstellung im Museum<\/p>\n<p><b><u>Fortbildung 2006<\/u><\/b><br \/>\nZu Gast in meinem Atelier: Teresa Laliberte (D) als Kursleiterin f\u00fcr Glasmalerei und Emailletechnik auf Glasperlen<br \/>\nAkihiro Ohkama,international anerkannter Glask\u00fcnstler aus Japan<br \/>\nEvan Hollander, Silberkurs( USA )<br \/>\nMichi Suzuki, Glasperlenk\u00fcnstlerin aus Japan,wohnhaft in Paris<\/p>\n<p><b><u>Von mir veranstaltete Events 2006<\/u><\/b><br \/>\n18.November Kreatives Herbstfest von 11 Uhr bis 18 Uhr ,Hatzfeldstr.6, 51069 K\u00f6ln,<br \/>\nCharity ,Kaffee &#8211; und Kuchenverkauf zu Gunsten des Kinderdorfs Bethanien, Refrath<\/p>\n<p><b><u>Ausstellungen und Kunstm\u00e4rkte 2006<\/u><\/b><br \/>\n2.Dezember,Adventsbasar Kinderdorf Bethanien, Charity f\u00fcr die Stra\u00dfenkinder in Lettland<br \/>\n12.November Kunstmarkt K\u00f6ln<br \/>\n23.September 2006, Glasperlenvorf\u00fchrung anl\u00e4\u00dflich einer gro\u00dfen Hausmesse im Glasfachhandel GLS<br \/>\n8.Juli 2006 , 3.Pressentest<br \/>\n8.April,Perlenkaffee.Alles Kaffee oder was?<br \/>\nInformative Plauderei rund um die Perle, Glas und mehr<\/p>\n<p><b><u>Fortbildung 2005<\/u><\/b><br \/>\nPati Walton,international bekannte Glasperlenk\u00fcnstlerin aus Larkspur, Colorado (USA)<br \/>\nJohn Olson,international bekannter Glasperlenk\u00fcnstler speziell f\u00fcr Inside-Outsideperlen aus Boroglas.Larkspur, Colorado (USA)<br \/>\nJames Smircich,Glasperlenk\u00fcnstler und Buchautor aus Oregon ( USA)<\/p>\n<p><b><u>Von mir organisierte Events in meinem Atelier 2005<\/u><\/b><br \/>\nPressentest ,2.Juli<br \/>\nBiege-und F\u00e4delkursus unter der Leitung von Daniela Lennertz aus M\u00fcnchen , 13.August<br \/>\nSeptember 2005, Glasperlenvorf\u00fchrung anl\u00e4\u00dflich einer gro\u00dfen Hausmesse im Glasfachhandel<\/p>\n<p><b><u>Fortbildung 2004<\/u><\/b><br \/>\nLiane J\u00e4hde, Glasperlenk\u00fcstlerin aus Brunsbeck (D)<br \/>\nCorina Tettinger, international bekannte Glasperlenk\u00fcnstlerin und Buchautorin aus Friday Harbor, Washington(USA)<br \/>\nIsi Merkel, Glask\u00fcnstlerin und Autorin (D)<\/p>\n","protected":false},"excerpt":{"rendered":"<p>Herzlich Willkommen auf meiner Webseite! Mein Name ist Angela Liane Wagner. Seit 2004 fertige ich aus dem italienischen Muranoglas der Firma Effetre in meinem K\u00f6lner Atelier sehr individuelle, ornamental und frei gestaltete Glasperlen an. Besonders die Einlage von Gold und Silber machen sie zu kleinen unverwechselbaren Kunstwerken. Auf Wunsch verarbeite ich meine Glasperlen in einer [&hellip;]<\/p>\n","protected":false},"author":1,"featured_media":38,"parent":0,"menu_order":0,"comment_status":"closed","ping_status":"closed","template":"template-fullwidth.php","meta":[],"_links":{"self":[{"href":"https:\/\/www.lucky-beads.com\/index.php\/wp-json\/wp\/v2\/pages\/47"}],"collection":[{"href":"https:\/\/www.lucky-beads.com\/index.php\/wp-json\/wp\/v2\/pages"}],"about":[{"href":"https:\/\/www.lucky-beads.com\/index.php\/wp-json\/wp\/v2\/types\/page"}],"author":[{"embeddable":true,"href":"https:\/\/www.lucky-beads.com\/index.php\/wp-json\/wp\/v2\/users\/1"}],"replies":[{"embeddable":true,"href":"https:\/\/www.lucky-beads.com\/index.php\/wp-json\/wp\/v2\/comments?post=47"}],"version-history":[{"count":26,"href":"https:\/\/www.lucky-beads.com\/index.php\/wp-json\/wp\/v2\/pages\/47\/revisions"}],"predecessor-version":[{"id":553,"href":"https:\/\/www.lucky-beads.com\/index.php\/wp-json\/wp\/v2\/pages\/47\/revisions\/553"}],"wp:featuredmedia":[{"embeddable":true,"href":"https:\/\/www.lucky-beads.com\/index.php\/wp-json\/wp\/v2\/media\/38"}],"wp:attachment":[{"href":"https:\/\/www.lucky-beads.com\/index.php\/wp-json\/wp\/v2\/media?parent=47"}],"curies":[{"name":"wp","href":"https:\/\/api.w.org\/{rel}","templated":true}]}}